{"id":2263,"date":"2024-08-19T18:14:56","date_gmt":"2024-08-19T16:14:56","guid":{"rendered":"https:\/\/pensioncredencial.com\/?page_id=2263"},"modified":"2026-03-23T13:28:26","modified_gmt":"2026-03-23T12:28:26","slug":"prestations","status":"publish","type":"page","link":"https:\/\/pensioncredencial.com\/fr\/prestations\/","title":{"rendered":"Services"},"content":{"rendered":"\t\t<div data-elementor-type=\"wp-page\" data-elementor-id=\"2263\" class=\"elementor elementor-2263 elementor-2261\">\n\t\t\t\t<div class=\"elementor-element elementor-element-5345d188 e-flex e-con-boxed e-con e-parent\" data-id=\"5345d188\" data-element_type=\"container\" data-e-type=\"container\">\n\t\t\t\t\t<div class=\"e-con-inner\">\n\t\t\t\t<div class=\"elementor-element elementor-element-769a9e4e elementor-widget elementor-widget-text-editor\" data-id=\"769a9e4e\" data-element_type=\"widget\" data-e-type=\"widget\" data-widget_type=\"text-editor.default\">\n\t\t\t\t<div class=\"elementor-widget-container\">\n\t\t\t\t\t\t\t\t\t<p style=\"text-align: center;\">D\u00e9couvrez tous les \u00e9quipements que nous proposons pour faire de votre s\u00e9jour une exp\u00e9rience inoubliable.<\/p>\t\t\t\t\t\t\t\t<\/div>\n\t\t\t\t<\/div>\n\t\t\t\t\t<\/div>\n\t\t\t\t<\/div>\n\t\t<div class=\"elementor-element elementor-element-78ed81b e-flex e-con-boxed e-con e-parent\" data-id=\"78ed81b\" data-element_type=\"container\" data-e-type=\"container\">\n\t\t\t\t\t<div class=\"e-con-inner\">\n\t\t<div class=\"elementor-element elementor-element-be7d9e0 e-con-full e-flex e-con e-child\" data-id=\"be7d9e0\" data-element_type=\"container\" data-e-type=\"container\" data-settings=\"{&quot;background_background&quot;:&quot;classic&quot;}\">\n\t\t\t\t<div class=\"elementor-element elementor-element-e10b0d4 elementor-widget elementor-widget-heading\" data-id=\"e10b0d4\" data-element_type=\"widget\" data-e-type=\"widget\" data-widget_type=\"heading.default\">\n\t\t\t\t<div class=\"elementor-widget-container\">\n\t\t\t\t\t<h2 class=\"elementor-heading-title elementor-size-default\">Des services exclusifs pour votre confort<\/h2>\t\t\t\t<\/div>\n\t\t\t\t<\/div>\n\t\t\t\t<div class=\"elementor-element elementor-element-03444be elementor-widget__width-initial elementor-widget elementor-widget-image\" data-id=\"03444be\" data-element_type=\"widget\" data-e-type=\"widget\" data-widget_type=\"image.default\">\n\t\t\t\t<div class=\"elementor-widget-container\">\n\t\t\t\t\t\t\t\t\t\t\t\t\t\t\t<img decoding=\"async\" width=\"202\" height=\"43\" src=\"https:\/\/pensioncredencial.com\/wp-content\/uploads\/2024\/07\/LUCIA-LP-PEREZ-4.webp\" class=\"attachment-full size-full wp-image-1487\" alt=\"\" \/>\t\t\t\t\t\t\t\t\t\t\t\t\t\t\t<\/div>\n\t\t\t\t<\/div>\n\t\t\t\t<div class=\"elementor-element elementor-element-f4fd25f elementor-widget__width-initial elementor-widget elementor-widget-text-editor\" data-id=\"f4fd25f\" data-element_type=\"widget\" data-e-type=\"widget\" data-widget_type=\"text-editor.default\">\n\t\t\t\t<div class=\"elementor-widget-container\">\n\t\t\t\t\t\t\t\t\t<div class=\"flex flex-grow flex-col max-w-full\"><div class=\"min-h-[20px] text-message flex w-full flex-col items-end gap-2 whitespace-pre-wrap break-words [.text-message+&amp;]:mt-5 overflow-x-auto\" dir=\"auto\" data-message-author-role=\"assistant\" data-message-id=\"5a0d3573-88dc-401f-803f-8cd50ee6bf1f\"><div class=\"flex w-full flex-col gap-1 empty:hidden first:pt-[3px]\"><div class=\"markdown prose w-full break-words dark:prose-invert dark\"><p>\u00c0 la Pensi\u00f3n Credencial, nous sommes fiers d&#8217;offrir une large gamme de services con\u00e7us pour assurer le confort et la satisfaction de nos clients. Nous nous engageons \u00e0 vous offrir une exp\u00e9rience de qualit\u00e9 sup\u00e9rieure, en prenant soin de chaque d\u00e9tail pour que vous vous sentiez comme chez vous. Des d\u00e9licieuses options de restauration aux services de blanchisserie et de transport, nous nous engageons \u00e0 faire de <b>votre s\u00e9jour une exp\u00e9rience m\u00e9morable et sans souci.<\/b>  <\/p><\/div><\/div><\/div><\/div>\t\t\t\t\t\t\t\t<\/div>\n\t\t\t\t<\/div>\n\t\t\t\t<\/div>\n\t\t<div class=\"elementor-element elementor-element-fa0d3c7 e-con-full e-flex e-con e-child\" data-id=\"fa0d3c7\" data-element_type=\"container\" data-e-type=\"container\" data-settings=\"{&quot;background_background&quot;:&quot;classic&quot;}\">\n\t\t\t\t<div class=\"elementor-element elementor-element-6abb46e elementor-widget elementor-widget-image\" data-id=\"6abb46e\" data-element_type=\"widget\" data-e-type=\"widget\" data-widget_type=\"image.default\">\n\t\t\t\t<div class=\"elementor-widget-container\">\n\t\t\t\t\t\t\t\t\t\t\t\t\t\t\t<img fetchpriority=\"high\" decoding=\"async\" width=\"902\" height=\"1024\" src=\"https:\/\/pensioncredencial.com\/wp-content\/uploads\/2025\/11\/Diseno-sin-titulo-2025-11-24T134725.622-902x1024.jpg\" class=\"attachment-large size-large wp-image-2989\" alt=\"\" srcset=\"https:\/\/pensioncredencial.com\/wp-content\/uploads\/2025\/11\/Diseno-sin-titulo-2025-11-24T134725.622-902x1024.jpg 902w, https:\/\/pensioncredencial.com\/wp-content\/uploads\/2025\/11\/Diseno-sin-titulo-2025-11-24T134725.622-264x300.jpg 264w, https:\/\/pensioncredencial.com\/wp-content\/uploads\/2025\/11\/Diseno-sin-titulo-2025-11-24T134725.622-768x872.jpg 768w, https:\/\/pensioncredencial.com\/wp-content\/uploads\/2025\/11\/Diseno-sin-titulo-2025-11-24T134725.622-840x953.jpg 840w, https:\/\/pensioncredencial.com\/wp-content\/uploads\/2025\/11\/Diseno-sin-titulo-2025-11-24T134725.622-600x681.jpg 600w, https:\/\/pensioncredencial.com\/wp-content\/uploads\/2025\/11\/Diseno-sin-titulo-2025-11-24T134725.622.jpg 1000w\" sizes=\"(max-width: 902px) 100vw, 902px\" \/>\t\t\t\t\t\t\t\t\t\t\t\t\t\t\t<\/div>\n\t\t\t\t<\/div>\n\t\t\t\t<\/div>\n\t\t\t\t\t<\/div>\n\t\t\t\t<\/div>\n\t\t<div class=\"elementor-element elementor-element-d8e946f e-flex e-con-boxed elementor-invisible e-con e-parent\" data-id=\"d8e946f\" data-element_type=\"container\" data-e-type=\"container\" data-settings=\"{&quot;background_background&quot;:&quot;classic&quot;,&quot;animation&quot;:&quot;slideInLeft&quot;}\">\n\t\t\t\t\t<div class=\"e-con-inner\">\n\t\t<div class=\"elementor-element elementor-element-7bad246 e-con-full e-flex e-con e-child\" data-id=\"7bad246\" data-element_type=\"container\" data-e-type=\"container\">\n\t\t\t\t<div class=\"elementor-element elementor-element-aquentro-carousel elementor-widget__width-initial elementor-widget elementor-widget-aquentro-carousel\" data-id=\"aquentro-carousel\" data-element_type=\"widget\" data-e-type=\"widget\" data-widget_type=\"aquentro-carousel.default\">\n\t\t\t\t<div class=\"elementor-widget-container\">\n\t\t\t\t\t            <div class=\"aquentro-slider-wrapper\">\r\n                <div class=\"slider-counter\">\r\n                    <span class=\"current\">01<\/span>\r\n                    <span class=\"total\">\/01<\/span>\r\n                <\/div>\r\n                <div class=\"aquentro-slider\">\r\n                                            <div class=\"carousel-item\">\r\n                            <div class=\"slide-thumbnail\">\r\n                                <img decoding=\"async\" width=\"840\" height=\"555\" src=\"https:\/\/pensioncredencial.com\/wp-content\/uploads\/2024\/07\/Diseno-sin-titulo-2024-07-19T100447.506-840x555.webp\" class=\"attachment-post-thumbnail size-post-thumbnail\" alt=\"\" srcset=\"https:\/\/pensioncredencial.com\/wp-content\/uploads\/2024\/07\/Diseno-sin-titulo-2024-07-19T100447.506-840x555.webp 840w, https:\/\/pensioncredencial.com\/wp-content\/uploads\/2024\/07\/Diseno-sin-titulo-2024-07-19T100447.506-600x396.webp 600w, https:\/\/pensioncredencial.com\/wp-content\/uploads\/2024\/07\/Diseno-sin-titulo-2024-07-19T100447.506-300x198.webp 300w, https:\/\/pensioncredencial.com\/wp-content\/uploads\/2024\/07\/Diseno-sin-titulo-2024-07-19T100447.506-1024x676.webp 1024w, https:\/\/pensioncredencial.com\/wp-content\/uploads\/2024\/07\/Diseno-sin-titulo-2024-07-19T100447.506-768x507.webp 768w, https:\/\/pensioncredencial.com\/wp-content\/uploads\/2024\/07\/Diseno-sin-titulo-2024-07-19T100447.506-1536x1014.webp 1536w, https:\/\/pensioncredencial.com\/wp-content\/uploads\/2024\/07\/Diseno-sin-titulo-2024-07-19T100447.506.webp 1920w\" sizes=\"(max-width: 840px) 100vw, 840px\" \/>                            <\/div>\r\n                            <div class=\"slide-wrapper\">\r\n                                <h2 class=\"slide-title\">\r\n                                Cuisine compl\u00e8te                                <\/h2>\r\n                                <div class=\"slide-content\">\r\n                                Toutes nos chambres sont \u00e9quip\u00e9es d'une cuisine compl\u00e8te, vous offrant la possibilit\u00e9 de pr\u00e9parer vos propres repas si vous le souhaitez.                                <\/div>\r\n\r\n                            <\/div>\r\n                        <\/div>\r\n                                        <\/div>\r\n            <\/div>\r\n            \t\t\t\t<\/div>\n\t\t\t\t<\/div>\n\t\t\t\t<\/div>\n\t\t<div class=\"elementor-element elementor-element-1ef7021 e-con-full e-flex e-con e-child\" data-id=\"1ef7021\" data-element_type=\"container\" data-e-type=\"container\">\n\t\t\t\t<div class=\"elementor-element elementor-element-aquentro-carousel elementor-widget__width-initial elementor-widget elementor-widget-aquentro-carousel\" data-id=\"aquentro-carousel\" data-element_type=\"widget\" data-e-type=\"widget\" data-widget_type=\"aquentro-carousel.default\">\n\t\t\t\t<div class=\"elementor-widget-container\">\n\t\t\t\t\t            <div class=\"aquentro-slider-wrapper\">\r\n                <div class=\"slider-counter\">\r\n                    <span class=\"current\">01<\/span>\r\n                    <span class=\"total\">\/01<\/span>\r\n                <\/div>\r\n                <div class=\"aquentro-slider\">\r\n                                            <div class=\"carousel-item\">\r\n                            <div class=\"slide-thumbnail\">\r\n                                <img loading=\"lazy\" decoding=\"async\" width=\"840\" height=\"555\" src=\"https:\/\/pensioncredencial.com\/wp-content\/uploads\/2024\/07\/maletas-840x555.webp\" class=\"attachment-post-thumbnail size-post-thumbnail\" alt=\"\" srcset=\"https:\/\/pensioncredencial.com\/wp-content\/uploads\/2024\/07\/maletas-840x555.webp 840w, https:\/\/pensioncredencial.com\/wp-content\/uploads\/2024\/07\/maletas-600x396.webp 600w, https:\/\/pensioncredencial.com\/wp-content\/uploads\/2024\/07\/maletas-300x198.webp 300w, https:\/\/pensioncredencial.com\/wp-content\/uploads\/2024\/07\/maletas-1024x676.webp 1024w, https:\/\/pensioncredencial.com\/wp-content\/uploads\/2024\/07\/maletas-768x507.webp 768w, https:\/\/pensioncredencial.com\/wp-content\/uploads\/2024\/07\/maletas-1536x1014.webp 1536w, https:\/\/pensioncredencial.com\/wp-content\/uploads\/2024\/07\/maletas.webp 1920w\" sizes=\"(max-width: 840px) 100vw, 840px\" \/>                            <\/div>\r\n                            <div class=\"slide-wrapper\">\r\n                                <h2 class=\"slide-title\">\r\n                                Cuisine compl\u00e8te                                <\/h2>\r\n                                <div class=\"slide-content\">\r\n                                Toutes nos chambres sont \u00e9quip\u00e9es d'une cuisine compl\u00e8te, vous offrant la possibilit\u00e9 de pr\u00e9parer vos propres repas si vous le souhaitez.                                <\/div>\r\n\r\n                            <\/div>\r\n                        <\/div>\r\n                                        <\/div>\r\n            <\/div>\r\n            \t\t\t\t<\/div>\n\t\t\t\t<\/div>\n\t\t\t\t<\/div>\n\t\t\t\t\t<\/div>\n\t\t\t\t<\/div>\n\t\t<div class=\"elementor-element elementor-element-e092295 e-flex e-con-boxed elementor-invisible e-con e-parent\" data-id=\"e092295\" data-element_type=\"container\" data-e-type=\"container\" data-settings=\"{&quot;background_background&quot;:&quot;classic&quot;,&quot;animation&quot;:&quot;slideInLeft&quot;,&quot;animation_delay&quot;:100}\">\n\t\t\t\t\t<div class=\"e-con-inner\">\n\t\t<div class=\"elementor-element elementor-element-52d45ff e-con-full e-flex e-con e-child\" data-id=\"52d45ff\" data-element_type=\"container\" data-e-type=\"container\">\n\t\t\t\t<div class=\"elementor-element elementor-element-aquentro-carousel elementor-widget-tablet__width-initial elementor-widget elementor-widget-aquentro-carousel\" data-id=\"aquentro-carousel\" data-element_type=\"widget\" data-e-type=\"widget\" data-widget_type=\"aquentro-carousel.default\">\n\t\t\t\t<div class=\"elementor-widget-container\">\n\t\t\t\t\t            <div class=\"aquentro-slider-wrapper\">\r\n                <div class=\"slider-counter\">\r\n                    <span class=\"current\">01<\/span>\r\n                    <span class=\"total\">\/01<\/span>\r\n                <\/div>\r\n                <div class=\"aquentro-slider\">\r\n                                            <div class=\"carousel-item\">\r\n                            <div class=\"slide-thumbnail\">\r\n                                <img loading=\"lazy\" decoding=\"async\" width=\"840\" height=\"555\" src=\"https:\/\/pensioncredencial.com\/wp-content\/uploads\/2024\/07\/parking-840x555.webp\" class=\"attachment-post-thumbnail size-post-thumbnail\" alt=\"\" srcset=\"https:\/\/pensioncredencial.com\/wp-content\/uploads\/2024\/07\/parking-840x555.webp 840w, https:\/\/pensioncredencial.com\/wp-content\/uploads\/2024\/07\/parking-600x396.webp 600w, https:\/\/pensioncredencial.com\/wp-content\/uploads\/2024\/07\/parking-300x198.webp 300w, https:\/\/pensioncredencial.com\/wp-content\/uploads\/2024\/07\/parking-1024x676.webp 1024w, https:\/\/pensioncredencial.com\/wp-content\/uploads\/2024\/07\/parking-768x507.webp 768w, https:\/\/pensioncredencial.com\/wp-content\/uploads\/2024\/07\/parking-1536x1014.webp 1536w, https:\/\/pensioncredencial.com\/wp-content\/uploads\/2024\/07\/parking.webp 1920w\" sizes=\"(max-width: 840px) 100vw, 840px\" \/>                            <\/div>\r\n                            <div class=\"slide-wrapper\">\r\n                                <h2 class=\"slide-title\">\r\n                                Cuisine compl\u00e8te                                <\/h2>\r\n                                <div class=\"slide-content\">\r\n                                Toutes nos chambres sont \u00e9quip\u00e9es d'une cuisine compl\u00e8te, vous offrant la possibilit\u00e9 de pr\u00e9parer vos propres repas si vous le souhaitez.                                <\/div>\r\n\r\n                            <\/div>\r\n                        <\/div>\r\n                                        <\/div>\r\n            <\/div>\r\n            \t\t\t\t<\/div>\n\t\t\t\t<\/div>\n\t\t\t\t<\/div>\n\t\t<div class=\"elementor-element elementor-element-ac6a136 e-con-full e-flex e-con e-child\" data-id=\"ac6a136\" data-element_type=\"container\" data-e-type=\"container\">\n\t\t\t\t<div class=\"elementor-element elementor-element-aquentro-carousel elementor-widget elementor-widget-aquentro-carousel\" data-id=\"aquentro-carousel\" data-element_type=\"widget\" data-e-type=\"widget\" data-widget_type=\"aquentro-carousel.default\">\n\t\t\t\t<div class=\"elementor-widget-container\">\n\t\t\t\t\t            <div class=\"aquentro-slider-wrapper\">\r\n                <div class=\"slider-counter\">\r\n                    <span class=\"current\">01<\/span>\r\n                    <span class=\"total\">\/01<\/span>\r\n                <\/div>\r\n                <div class=\"aquentro-slider\">\r\n                                            <div class=\"carousel-item\">\r\n                            <div class=\"slide-thumbnail\">\r\n                                <img loading=\"lazy\" decoding=\"async\" width=\"840\" height=\"555\" src=\"https:\/\/pensioncredencial.com\/wp-content\/uploads\/2024\/07\/transfer-840x555.webp\" class=\"attachment-post-thumbnail size-post-thumbnail\" alt=\"\" srcset=\"https:\/\/pensioncredencial.com\/wp-content\/uploads\/2024\/07\/transfer-840x555.webp 840w, https:\/\/pensioncredencial.com\/wp-content\/uploads\/2024\/07\/transfer-600x396.webp 600w, https:\/\/pensioncredencial.com\/wp-content\/uploads\/2024\/07\/transfer-300x198.webp 300w, https:\/\/pensioncredencial.com\/wp-content\/uploads\/2024\/07\/transfer-1024x676.webp 1024w, https:\/\/pensioncredencial.com\/wp-content\/uploads\/2024\/07\/transfer-768x507.webp 768w, https:\/\/pensioncredencial.com\/wp-content\/uploads\/2024\/07\/transfer-1536x1014.webp 1536w, https:\/\/pensioncredencial.com\/wp-content\/uploads\/2024\/07\/transfer.webp 1920w\" sizes=\"(max-width: 840px) 100vw, 840px\" \/>                            <\/div>\r\n                            <div class=\"slide-wrapper\">\r\n                                <h2 class=\"slide-title\">\r\n                                Cuisine compl\u00e8te                                <\/h2>\r\n                                <div class=\"slide-content\">\r\n                                Toutes nos chambres sont \u00e9quip\u00e9es d'une cuisine compl\u00e8te, vous offrant la possibilit\u00e9 de pr\u00e9parer vos propres repas si vous le souhaitez.                                <\/div>\r\n\r\n                            <\/div>\r\n                        <\/div>\r\n                                        <\/div>\r\n            <\/div>\r\n            \t\t\t\t<\/div>\n\t\t\t\t<\/div>\n\t\t\t\t<\/div>\n\t\t\t\t\t<\/div>\n\t\t\t\t<\/div>\n\t\t<div class=\"elementor-element elementor-element-f09061a e-flex e-con-boxed elementor-invisible e-con e-parent\" data-id=\"f09061a\" data-element_type=\"container\" data-e-type=\"container\" data-settings=\"{&quot;background_background&quot;:&quot;classic&quot;,&quot;animation&quot;:&quot;slideInLeft&quot;,&quot;animation_delay&quot;:200}\">\n\t\t\t\t\t<div class=\"e-con-inner\">\n\t\t<div class=\"elementor-element elementor-element-d1ea6f3 e-con-full e-flex e-con e-child\" data-id=\"d1ea6f3\" data-element_type=\"container\" data-e-type=\"container\">\n\t\t\t\t<div class=\"elementor-element elementor-element-aquentro-carousel elementor-widget elementor-widget-aquentro-carousel\" data-id=\"aquentro-carousel\" data-element_type=\"widget\" data-e-type=\"widget\" data-widget_type=\"aquentro-carousel.default\">\n\t\t\t\t<div class=\"elementor-widget-container\">\n\t\t\t\t\t            <div class=\"aquentro-slider-wrapper\">\r\n                <div class=\"slider-counter\">\r\n                    <span class=\"current\">01<\/span>\r\n                    <span class=\"total\">\/01<\/span>\r\n                <\/div>\r\n                <div class=\"aquentro-slider\">\r\n                                            <div class=\"carousel-item\">\r\n                            <div class=\"slide-thumbnail\">\r\n                                <img loading=\"lazy\" decoding=\"async\" width=\"840\" height=\"555\" src=\"https:\/\/pensioncredencial.com\/wp-content\/uploads\/2024\/07\/bicis-840x555.webp\" class=\"attachment-post-thumbnail size-post-thumbnail\" alt=\"\" srcset=\"https:\/\/pensioncredencial.com\/wp-content\/uploads\/2024\/07\/bicis-840x555.webp 840w, https:\/\/pensioncredencial.com\/wp-content\/uploads\/2024\/07\/bicis-600x396.webp 600w, https:\/\/pensioncredencial.com\/wp-content\/uploads\/2024\/07\/bicis-300x198.webp 300w, https:\/\/pensioncredencial.com\/wp-content\/uploads\/2024\/07\/bicis-1024x676.webp 1024w, https:\/\/pensioncredencial.com\/wp-content\/uploads\/2024\/07\/bicis-768x507.webp 768w, https:\/\/pensioncredencial.com\/wp-content\/uploads\/2024\/07\/bicis-1536x1014.webp 1536w, https:\/\/pensioncredencial.com\/wp-content\/uploads\/2024\/07\/bicis.webp 1920w\" sizes=\"(max-width: 840px) 100vw, 840px\" \/>                            <\/div>\r\n                            <div class=\"slide-wrapper\">\r\n                                <h2 class=\"slide-title\">\r\n                                Cuisine compl\u00e8te                                <\/h2>\r\n                                <div class=\"slide-content\">\r\n                                Toutes nos chambres sont \u00e9quip\u00e9es d'une cuisine compl\u00e8te, vous offrant la possibilit\u00e9 de pr\u00e9parer vos propres repas si vous le souhaitez.                                <\/div>\r\n\r\n                            <\/div>\r\n                        <\/div>\r\n                                        <\/div>\r\n            <\/div>\r\n            \t\t\t\t<\/div>\n\t\t\t\t<\/div>\n\t\t\t\t<\/div>\n\t\t<div class=\"elementor-element elementor-element-6459c99 e-con-full e-flex e-con e-child\" data-id=\"6459c99\" data-element_type=\"container\" data-e-type=\"container\">\n\t\t\t\t<div class=\"elementor-element elementor-element-aquentro-carousel elementor-widget elementor-widget-aquentro-carousel\" data-id=\"aquentro-carousel\" data-element_type=\"widget\" data-e-type=\"widget\" data-widget_type=\"aquentro-carousel.default\">\n\t\t\t\t<div class=\"elementor-widget-container\">\n\t\t\t\t\t            <div class=\"aquentro-slider-wrapper\">\r\n                <div class=\"slider-counter\">\r\n                    <span class=\"current\">01<\/span>\r\n                    <span class=\"total\">\/01<\/span>\r\n                <\/div>\r\n                <div class=\"aquentro-slider\">\r\n                                            <div class=\"carousel-item\">\r\n                            <div class=\"slide-thumbnail\">\r\n                                <img loading=\"lazy\" decoding=\"async\" width=\"840\" height=\"555\" src=\"https:\/\/pensioncredencial.com\/wp-content\/uploads\/2024\/07\/Zona-lavanderia-840x555.webp\" class=\"attachment-post-thumbnail size-post-thumbnail\" alt=\"\" srcset=\"https:\/\/pensioncredencial.com\/wp-content\/uploads\/2024\/07\/Zona-lavanderia-840x555.webp 840w, https:\/\/pensioncredencial.com\/wp-content\/uploads\/2024\/07\/Zona-lavanderia-600x396.webp 600w, https:\/\/pensioncredencial.com\/wp-content\/uploads\/2024\/07\/Zona-lavanderia-300x198.webp 300w, https:\/\/pensioncredencial.com\/wp-content\/uploads\/2024\/07\/Zona-lavanderia-1024x676.webp 1024w, https:\/\/pensioncredencial.com\/wp-content\/uploads\/2024\/07\/Zona-lavanderia-768x507.webp 768w, https:\/\/pensioncredencial.com\/wp-content\/uploads\/2024\/07\/Zona-lavanderia-1536x1014.webp 1536w, https:\/\/pensioncredencial.com\/wp-content\/uploads\/2024\/07\/Zona-lavanderia.webp 1920w\" sizes=\"(max-width: 840px) 100vw, 840px\" \/>                            <\/div>\r\n                            <div class=\"slide-wrapper\">\r\n                                <h2 class=\"slide-title\">\r\n                                Cuisine compl\u00e8te                                <\/h2>\r\n                                <div class=\"slide-content\">\r\n                                Toutes nos chambres sont \u00e9quip\u00e9es d'une cuisine compl\u00e8te, vous offrant la possibilit\u00e9 de pr\u00e9parer vos propres repas si vous le souhaitez.                                <\/div>\r\n\r\n                            <\/div>\r\n                        <\/div>\r\n                                        <\/div>\r\n            <\/div>\r\n            \t\t\t\t<\/div>\n\t\t\t\t<\/div>\n\t\t\t\t<\/div>\n\t\t\t\t\t<\/div>\n\t\t\t\t<\/div>\n\t\t<div class=\"elementor-element elementor-element-3e35e44 e-flex e-con-boxed elementor-invisible e-con e-parent\" data-id=\"3e35e44\" data-element_type=\"container\" data-e-type=\"container\" data-settings=\"{&quot;background_background&quot;:&quot;classic&quot;,&quot;animation&quot;:&quot;slideInLeft&quot;,&quot;animation_delay&quot;:300}\">\n\t\t\t\t\t<div class=\"e-con-inner\">\n\t\t<div class=\"elementor-element elementor-element-9de0a3d e-con-full e-flex e-con e-child\" data-id=\"9de0a3d\" data-element_type=\"container\" data-e-type=\"container\">\n\t\t\t\t<div class=\"elementor-element elementor-element-aquentro-carousel elementor-widget elementor-widget-aquentro-carousel\" data-id=\"aquentro-carousel\" data-element_type=\"widget\" data-e-type=\"widget\" data-widget_type=\"aquentro-carousel.default\">\n\t\t\t\t<div class=\"elementor-widget-container\">\n\t\t\t\t\t            <div class=\"aquentro-slider-wrapper\">\r\n                <div class=\"slider-counter\">\r\n                    <span class=\"current\">01<\/span>\r\n                    <span class=\"total\">\/01<\/span>\r\n                <\/div>\r\n                <div class=\"aquentro-slider\">\r\n                                            <div class=\"carousel-item\">\r\n                            <div class=\"slide-thumbnail\">\r\n                                <img loading=\"lazy\" decoding=\"async\" width=\"840\" height=\"569\" src=\"https:\/\/pensioncredencial.com\/wp-content\/uploads\/2024\/07\/u-2-840x569.webp\" class=\"attachment-post-thumbnail size-post-thumbnail\" alt=\"\" srcset=\"https:\/\/pensioncredencial.com\/wp-content\/uploads\/2024\/07\/u-2-840x569.webp 840w, https:\/\/pensioncredencial.com\/wp-content\/uploads\/2024\/07\/u-2-600x407.webp 600w, https:\/\/pensioncredencial.com\/wp-content\/uploads\/2024\/07\/u-2-300x203.webp 300w, https:\/\/pensioncredencial.com\/wp-content\/uploads\/2024\/07\/u-2-1024x694.webp 1024w, https:\/\/pensioncredencial.com\/wp-content\/uploads\/2024\/07\/u-2-768x520.webp 768w, https:\/\/pensioncredencial.com\/wp-content\/uploads\/2024\/07\/u-2-1536x1040.webp 1536w, https:\/\/pensioncredencial.com\/wp-content\/uploads\/2024\/07\/u-2.webp 1920w\" sizes=\"(max-width: 840px) 100vw, 840px\" \/>                            <\/div>\r\n                            <div class=\"slide-wrapper\">\r\n                                <h2 class=\"slide-title\">\r\n                                Cuisine compl\u00e8te                                <\/h2>\r\n                                <div class=\"slide-content\">\r\n                                Toutes nos chambres sont \u00e9quip\u00e9es d'une cuisine compl\u00e8te, vous offrant la possibilit\u00e9 de pr\u00e9parer vos propres repas si vous le souhaitez.                                <\/div>\r\n\r\n                            <\/div>\r\n                        <\/div>\r\n                                        <\/div>\r\n            <\/div>\r\n            \t\t\t\t<\/div>\n\t\t\t\t<\/div>\n\t\t\t\t<\/div>\n\t\t<div class=\"elementor-element elementor-element-6639944 e-con-full e-flex e-con e-child\" data-id=\"6639944\" data-element_type=\"container\" data-e-type=\"container\">\n\t\t\t\t<div class=\"elementor-element elementor-element-aquentro-carousel elementor-widget elementor-widget-aquentro-carousel\" data-id=\"aquentro-carousel\" data-element_type=\"widget\" data-e-type=\"widget\" data-widget_type=\"aquentro-carousel.default\">\n\t\t\t\t<div class=\"elementor-widget-container\">\n\t\t\t\t\t            <div class=\"aquentro-slider-wrapper\">\r\n                <div class=\"slider-counter\">\r\n                    <span class=\"current\">01<\/span>\r\n                    <span class=\"total\">\/01<\/span>\r\n                <\/div>\r\n                <div class=\"aquentro-slider\">\r\n                                            <div class=\"carousel-item\">\r\n                            <div class=\"slide-thumbnail\">\r\n                                <img loading=\"lazy\" decoding=\"async\" width=\"840\" height=\"569\" src=\"https:\/\/pensioncredencial.com\/wp-content\/uploads\/2024\/07\/Diseno-sin-titulo-2024-07-18T135157.978-840x569.webp\" class=\"attachment-post-thumbnail size-post-thumbnail\" alt=\"\" srcset=\"https:\/\/pensioncredencial.com\/wp-content\/uploads\/2024\/07\/Diseno-sin-titulo-2024-07-18T135157.978-840x569.webp 840w, https:\/\/pensioncredencial.com\/wp-content\/uploads\/2024\/07\/Diseno-sin-titulo-2024-07-18T135157.978-600x407.webp 600w, https:\/\/pensioncredencial.com\/wp-content\/uploads\/2024\/07\/Diseno-sin-titulo-2024-07-18T135157.978-300x203.webp 300w, https:\/\/pensioncredencial.com\/wp-content\/uploads\/2024\/07\/Diseno-sin-titulo-2024-07-18T135157.978-1024x694.webp 1024w, https:\/\/pensioncredencial.com\/wp-content\/uploads\/2024\/07\/Diseno-sin-titulo-2024-07-18T135157.978-768x520.webp 768w, https:\/\/pensioncredencial.com\/wp-content\/uploads\/2024\/07\/Diseno-sin-titulo-2024-07-18T135157.978-1536x1040.webp 1536w, https:\/\/pensioncredencial.com\/wp-content\/uploads\/2024\/07\/Diseno-sin-titulo-2024-07-18T135157.978.webp 1920w\" sizes=\"(max-width: 840px) 100vw, 840px\" \/>                            <\/div>\r\n                            <div class=\"slide-wrapper\">\r\n                                <h2 class=\"slide-title\">\r\n                                Cuisine compl\u00e8te                                <\/h2>\r\n                                <div class=\"slide-content\">\r\n                                Toutes nos chambres sont \u00e9quip\u00e9es d'une cuisine compl\u00e8te, vous offrant la possibilit\u00e9 de pr\u00e9parer vos propres repas si vous le souhaitez.                                <\/div>\r\n\r\n                            <\/div>\r\n                        <\/div>\r\n                                        <\/div>\r\n            <\/div>\r\n            \t\t\t\t<\/div>\n\t\t\t\t<\/div>\n\t\t\t\t<\/div>\n\t\t\t\t\t<\/div>\n\t\t\t\t<\/div>\n\t\t<div class=\"elementor-element elementor-element-a81639a e-flex e-con-boxed e-con e-parent\" data-id=\"a81639a\" data-element_type=\"container\" data-e-type=\"container\">\n\t\t\t\t\t<div class=\"e-con-inner\">\n\t\t<div class=\"elementor-element elementor-element-34cd5eb e-con-full e-flex e-con e-child\" data-id=\"34cd5eb\" data-element_type=\"container\" data-e-type=\"container\">\n\t\t\t\t<div class=\"elementor-element elementor-element-ad328ab elementor-widget__width-initial elementor-widget elementor-widget-image\" data-id=\"ad328ab\" data-element_type=\"widget\" data-e-type=\"widget\" data-widget_type=\"image.default\">\n\t\t\t\t<div class=\"elementor-widget-container\">\n\t\t\t\t\t\t\t\t\t\t\t\t\t\t\t<img loading=\"lazy\" decoding=\"async\" width=\"512\" height=\"512\" src=\"https:\/\/pensioncredencial.com\/wp-content\/uploads\/2025\/11\/Diseno-sin-titulo-2025-11-25T094013.922.webp\" class=\"attachment-large size-large wp-image-3003\" alt=\"\" \/>\t\t\t\t\t\t\t\t\t\t\t\t\t\t\t<\/div>\n\t\t\t\t<\/div>\n\t\t\t\t<div class=\"elementor-element elementor-element-211dc37 elementor-widget__width-initial elementor-widget elementor-widget-text-editor\" data-id=\"211dc37\" data-element_type=\"widget\" data-e-type=\"widget\" data-widget_type=\"text-editor.default\">\n\t\t\t\t<div class=\"elementor-widget-container\">\n\t\t\t\t\t\t\t\t\t<p style=\"text-align: center;\">Au Credencial Group, nous sommes fiers d&#8217;offrir une vari\u00e9t\u00e9 de logements pour r\u00e9pondre aux besoins de tous nos clients. Chacun de nos logements est con\u00e7u avec le souci du d\u00e9tail et un engagement in\u00e9branlable en faveur de la qualit\u00e9 et de l&#8217;hospitalit\u00e9.   <strong>Explorez nos options et trouvez l&#8217;endroit id\u00e9al pour votre prochain s\u00e9jour \u00e0 Sarria !<\/strong><\/p>\t\t\t\t\t\t\t\t<\/div>\n\t\t\t\t<\/div>\n\t\t\t\t<\/div>\n\t\t\t\t\t<\/div>\n\t\t\t\t<\/div>\n\t\t<div class=\"elementor-element elementor-element-b2fb930 e-flex e-con-boxed e-con e-parent\" data-id=\"b2fb930\" data-element_type=\"container\" data-e-type=\"container\">\n\t\t\t\t\t<div class=\"e-con-inner\">\n\t\t<div class=\"elementor-element elementor-element-dee8dad e-con-full e-flex e-con e-child\" data-id=\"dee8dad\" data-element_type=\"container\" data-e-type=\"container\">\n\t\t<div class=\"elementor-element elementor-element-f911c97 e-con-full e-flex e-con e-child\" data-id=\"f911c97\" data-element_type=\"container\" data-e-type=\"container\">\n\t\t\t\t<div class=\"elementor-element elementor-element-e5ec4f8 elementor-widget elementor-widget-stratum-banner\" data-id=\"e5ec4f8\" data-element_type=\"widget\" data-e-type=\"widget\" data-widget_type=\"stratum-banner.default\">\n\t\t\t\t<div class=\"elementor-widget-container\">\n\t\t\t\t\t<figure class=\"stratum-banner stratum-effect-taurus has-text-animation-opacity \">\n        <a href=\"https:\/\/alberguecredencial.com\/\" class=\"stratum-banner__link\"\n\t\t   \t\t\t\ttarget=\"_blank\"\n\t\t\t\t        >\n\t\t            <div class=\"stratum-banner__wrapper\">\n\t\t\t\t                    <img decoding=\"async\" src=\"\" class=\"stratum-banner__image wp-image-433\" srcset=\"https:\/\/pensioncredencial.com\/wp-content\/uploads\/2024\/07\/Diseno-sin-titulo-2024-07-19T113541.920.webp 1920w, https:\/\/pensioncredencial.com\/wp-content\/uploads\/2024\/07\/Diseno-sin-titulo-2024-07-19T113541.920-600x407.webp 600w, https:\/\/pensioncredencial.com\/wp-content\/uploads\/2024\/07\/Diseno-sin-titulo-2024-07-19T113541.920-300x203.webp 300w, https:\/\/pensioncredencial.com\/wp-content\/uploads\/2024\/07\/Diseno-sin-titulo-2024-07-19T113541.920-1024x694.webp 1024w, https:\/\/pensioncredencial.com\/wp-content\/uploads\/2024\/07\/Diseno-sin-titulo-2024-07-19T113541.920-768x520.webp 768w, https:\/\/pensioncredencial.com\/wp-content\/uploads\/2024\/07\/Diseno-sin-titulo-2024-07-19T113541.920-1536x1040.webp 1536w, https:\/\/pensioncredencial.com\/wp-content\/uploads\/2024\/07\/Diseno-sin-titulo-2024-07-19T113541.920-840x569.webp 840w\"\/>\n\t\t\t\t\t            <div class=\"stratum-banner__overlay\"><\/div>\n                <figcaption class=\"stratum-banner__content\">\n\t\t\t\t\t<div class=\"stratum-banner__content-wrapper\">\n\t\t\t\t\t\t<div class=\"stratum-banner__content-container\">\n\t\t\t\t\t\t\t<h5 class=\"stratum-banner__title\">CREDENTIAL HOSTEL<\/h5>\n\t\t\t\t\t\t\t<div class=\"stratum-banner__text\">L'auberge Credencial offre un refuge confortable aux p\u00e8lerins et aux touristes, avec des installations confortables et une atmosph\u00e8re chaleureuse.<\/div>\n\t\t\t\t\t\t<\/div>\n                    <\/div>\n                <\/figcaption>\n            <\/div>\n\t\t    <\/a>\n<\/figure>\n\t\t\t\t<\/div>\n\t\t\t\t<\/div>\n\t\t\t\t<\/div>\n\t\t<div class=\"elementor-element elementor-element-efcc9de e-con-full e-flex e-con e-child\" data-id=\"efcc9de\" data-element_type=\"container\" data-e-type=\"container\">\n\t\t\t\t<div class=\"elementor-element elementor-element-10640c3 elementor-widget elementor-widget-stratum-banner\" data-id=\"10640c3\" data-element_type=\"widget\" data-e-type=\"widget\" data-widget_type=\"stratum-banner.default\">\n\t\t\t\t<div class=\"elementor-widget-container\">\n\t\t\t\t\t<figure class=\"stratum-banner stratum-effect-taurus has-text-animation-opacity \">\n        <a href=\"http:\/\/apartamentoscredencial.com\/\" class=\"stratum-banner__link\"\n\t\t   \t\t\t\ttarget=\"_blank\"\n\t\t\t\t        >\n\t\t            <div class=\"stratum-banner__wrapper\">\n\t\t\t\t                    <img decoding=\"async\" src=\"\" class=\"stratum-banner__image wp-image-434\" srcset=\"https:\/\/pensioncredencial.com\/wp-content\/uploads\/2024\/07\/Diseno-sin-titulo-2024-07-19T113431.553.webp 1920w, https:\/\/pensioncredencial.com\/wp-content\/uploads\/2024\/07\/Diseno-sin-titulo-2024-07-19T113431.553-600x407.webp 600w, https:\/\/pensioncredencial.com\/wp-content\/uploads\/2024\/07\/Diseno-sin-titulo-2024-07-19T113431.553-300x203.webp 300w, https:\/\/pensioncredencial.com\/wp-content\/uploads\/2024\/07\/Diseno-sin-titulo-2024-07-19T113431.553-1024x694.webp 1024w, https:\/\/pensioncredencial.com\/wp-content\/uploads\/2024\/07\/Diseno-sin-titulo-2024-07-19T113431.553-768x520.webp 768w, https:\/\/pensioncredencial.com\/wp-content\/uploads\/2024\/07\/Diseno-sin-titulo-2024-07-19T113431.553-1536x1040.webp 1536w, https:\/\/pensioncredencial.com\/wp-content\/uploads\/2024\/07\/Diseno-sin-titulo-2024-07-19T113431.553-840x569.webp 840w\"\/>\n\t\t\t\t\t            <div class=\"stratum-banner__overlay\"><\/div>\n                <figcaption class=\"stratum-banner__content\">\n\t\t\t\t\t<div class=\"stratum-banner__content-wrapper\">\n\t\t\t\t\t\t<div class=\"stratum-banner__content-container\">\n\t\t\t\t\t\t\t<h5 class=\"stratum-banner__title\">LES APPARTEMENTS D&#039;ACCR\u00c9DITATION<\/h5>\n\t\t\t\t\t\t\t<div class=\"stratum-banner__text\">Nos appartements sont con\u00e7us pour vous offrir un s\u00e9jour confortable et relaxant, avec tous les \u00e9quipements modernes dont vous avez besoin.<\/div>\n\t\t\t\t\t\t<\/div>\n                    <\/div>\n                <\/figcaption>\n            <\/div>\n\t\t    <\/a>\n<\/figure>\n\t\t\t\t<\/div>\n\t\t\t\t<\/div>\n\t\t\t\t<\/div>\n\t\t\t\t<\/div>\n\t\t\t\t\t<\/div>\n\t\t\t\t<\/div>\n\t\t\t\t<\/div>\n\t\t","protected":false},"excerpt":{"rendered":"<p>D\u00e9couvrez tous les \u00e9quipements que nous proposons pour faire de votre s\u00e9jour une exp\u00e9rience inoubliable. Des services exclusifs pour votre confort \u00c0 la Pensi\u00f3n Credencial, nous sommes fiers d&#8217;offrir une large gamme de services con\u00e7us pour assurer le confort et la satisfaction de nos clients. Nous nous engageons \u00e0 vous offrir une exp\u00e9rience de qualit\u00e9 &hellip; <a href=\"https:\/\/pensioncredencial.com\/fr\/prestations\/\" class=\"more-link\">Continue reading<span class=\"screen-reader-text\"> &#8220;Services&#8221;<\/span><\/a><\/p>\n","protected":false},"author":1,"featured_media":2910,"parent":0,"menu_order":0,"comment_status":"closed","ping_status":"closed","template":"template-full-width-page.php","meta":{"footnotes":""},"class_list":["post-2263","page","type-page","status-publish","has-post-thumbnail","hentry"],"jetpack_sharing_enabled":true,"_links":{"self":[{"href":"https:\/\/pensioncredencial.com\/fr\/wp-json\/wp\/v2\/pages\/2263","targetHints":{"allow":["GET"]}}],"collection":[{"href":"https:\/\/pensioncredencial.com\/fr\/wp-json\/wp\/v2\/pages"}],"about":[{"href":"https:\/\/pensioncredencial.com\/fr\/wp-json\/wp\/v2\/types\/page"}],"author":[{"embeddable":true,"href":"https:\/\/pensioncredencial.com\/fr\/wp-json\/wp\/v2\/users\/1"}],"replies":[{"embeddable":true,"href":"https:\/\/pensioncredencial.com\/fr\/wp-json\/wp\/v2\/comments?post=2263"}],"version-history":[{"count":2,"href":"https:\/\/pensioncredencial.com\/fr\/wp-json\/wp\/v2\/pages\/2263\/revisions"}],"predecessor-version":[{"id":3310,"href":"https:\/\/pensioncredencial.com\/fr\/wp-json\/wp\/v2\/pages\/2263\/revisions\/3310"}],"wp:featuredmedia":[{"embeddable":true,"href":"https:\/\/pensioncredencial.com\/fr\/wp-json\/wp\/v2\/media\/2910"}],"wp:attachment":[{"href":"https:\/\/pensioncredencial.com\/fr\/wp-json\/wp\/v2\/media?parent=2263"}],"curies":[{"name":"wp","href":"https:\/\/api.w.org\/{rel}","templated":true}]}}